{"id":30,"date":"2022-12-08T17:48:22","date_gmt":"2022-12-08T16:48:22","guid":{"rendered":"http:\/\/ladeule.com\/newsite\/?page_id=30"},"modified":"2026-04-15T17:54:00","modified_gmt":"2026-04-15T15:54:00","slug":"laction-sociale","status":"publish","type":"page","link":"https:\/\/ladeule.com\/newsite\/laction-sociale\/","title":{"rendered":"L&rsquo;action sociale"},"content":{"rendered":"\n<p style=\"font-size:30px\"><strong>La Maison des Livreurs de Lille<\/strong><\/p>\n\n\n\n<p>108 quai G\u00e9ry Legrand, 59000, Lille<\/p>\n\n\n\n<figure class=\"wp-block-gallery has-nested-images columns-default is-cropped wp-block-gallery-1 is-layout-flex wp-block-gallery-is-layout-flex\"><\/figure>\n\n\n\n<div class=\"wp-block-columns is-layout-flex wp-container-core-columns-is-layout-28f84493 wp-block-columns-is-layout-flex\">\n<div class=\"wp-block-column is-layout-flow wp-block-column-is-layout-flow\">\n<figure class=\"wp-block-image size-large\"><img loading=\"lazy\" decoding=\"async\" width=\"1024\" height=\"768\" src=\"https:\/\/ladeule.com\/newsite\/wp-content\/uploads\/2026\/03\/Cuisine-etage-2-1024x768.jpg\" alt=\"\" class=\"wp-image-336\" srcset=\"https:\/\/ladeule.com\/newsite\/wp-content\/uploads\/2026\/03\/Cuisine-etage-2-1024x768.jpg 1024w, https:\/\/ladeule.com\/newsite\/wp-content\/uploads\/2026\/03\/Cuisine-etage-2-300x225.jpg 300w, https:\/\/ladeule.com\/newsite\/wp-content\/uploads\/2026\/03\/Cuisine-etage-2-768x576.jpg 768w, https:\/\/ladeule.com\/newsite\/wp-content\/uploads\/2026\/03\/Cuisine-etage-2-1536x1152.jpg 1536w, https:\/\/ladeule.com\/newsite\/wp-content\/uploads\/2026\/03\/Cuisine-etage-2-2048x1536.jpg 2048w\" sizes=\"auto, (max-width: 1024px) 100vw, 1024px\" \/><\/figure>\n<\/div>\n\n\n\n<div class=\"wp-block-column is-layout-flow wp-block-column-is-layout-flow\">\n<figure class=\"wp-block-image size-large is-style-default\"><img loading=\"lazy\" decoding=\"async\" width=\"1024\" height=\"768\" src=\"https:\/\/ladeule.com\/newsite\/wp-content\/uploads\/2026\/03\/cafet-bas-3-1024x768.jpg\" alt=\"\" class=\"wp-image-334\" srcset=\"https:\/\/ladeule.com\/newsite\/wp-content\/uploads\/2026\/03\/cafet-bas-3-1024x768.jpg 1024w, https:\/\/ladeule.com\/newsite\/wp-content\/uploads\/2026\/03\/cafet-bas-3-300x225.jpg 300w, https:\/\/ladeule.com\/newsite\/wp-content\/uploads\/2026\/03\/cafet-bas-3-768x576.jpg 768w, https:\/\/ladeule.com\/newsite\/wp-content\/uploads\/2026\/03\/cafet-bas-3-1536x1152.jpg 1536w, https:\/\/ladeule.com\/newsite\/wp-content\/uploads\/2026\/03\/cafet-bas-3-2048x1536.jpg 2048w\" sizes=\"auto, (max-width: 1024px) 100vw, 1024px\" \/><\/figure>\n<\/div>\n\n\n\n<div class=\"wp-block-column is-layout-flow wp-block-column-is-layout-flow\">\n<figure class=\"wp-block-image size-large\"><img loading=\"lazy\" decoding=\"async\" width=\"1024\" height=\"768\" src=\"https:\/\/ladeule.com\/newsite\/wp-content\/uploads\/2026\/03\/20260303_143905-1024x768.jpg\" alt=\"\" class=\"wp-image-335\" srcset=\"https:\/\/ladeule.com\/newsite\/wp-content\/uploads\/2026\/03\/20260303_143905-1024x768.jpg 1024w, https:\/\/ladeule.com\/newsite\/wp-content\/uploads\/2026\/03\/20260303_143905-300x225.jpg 300w, https:\/\/ladeule.com\/newsite\/wp-content\/uploads\/2026\/03\/20260303_143905-768x576.jpg 768w, https:\/\/ladeule.com\/newsite\/wp-content\/uploads\/2026\/03\/20260303_143905-1536x1152.jpg 1536w, https:\/\/ladeule.com\/newsite\/wp-content\/uploads\/2026\/03\/20260303_143905-2048x1536.jpg 2048w\" sizes=\"auto, (max-width: 1024px) 100vw, 1024px\" \/><\/figure>\n<\/div>\n<\/div>\n\n\n\n<div class=\"wp-block-columns is-layout-flex wp-container-core-columns-is-layout-28f84493 wp-block-columns-is-layout-flex\">\n<div class=\"wp-block-column is-layout-flow wp-block-column-is-layout-flow\">\n<figure class=\"wp-block-image size-large\"><img loading=\"lazy\" decoding=\"async\" width=\"1024\" height=\"768\" src=\"https:\/\/ladeule.com\/newsite\/wp-content\/uploads\/2026\/03\/photo-pompe-2-1024x768.jpg\" alt=\"\" class=\"wp-image-338\" srcset=\"https:\/\/ladeule.com\/newsite\/wp-content\/uploads\/2026\/03\/photo-pompe-2-1024x768.jpg 1024w, https:\/\/ladeule.com\/newsite\/wp-content\/uploads\/2026\/03\/photo-pompe-2-300x225.jpg 300w, https:\/\/ladeule.com\/newsite\/wp-content\/uploads\/2026\/03\/photo-pompe-2-768x576.jpg 768w, https:\/\/ladeule.com\/newsite\/wp-content\/uploads\/2026\/03\/photo-pompe-2-1536x1152.jpg 1536w, https:\/\/ladeule.com\/newsite\/wp-content\/uploads\/2026\/03\/photo-pompe-2.jpg 2048w\" sizes=\"auto, (max-width: 1024px) 100vw, 1024px\" \/><\/figure>\n<\/div>\n\n\n\n<div class=\"wp-block-column is-layout-flow wp-block-column-is-layout-flow\">\n<figure class=\"wp-block-image size-large\"><img loading=\"lazy\" decoding=\"async\" width=\"1024\" height=\"768\" src=\"https:\/\/ladeule.com\/newsite\/wp-content\/uploads\/2026\/03\/Cafeteria-bas-1024x768.jpg\" alt=\"\" class=\"wp-image-339\" srcset=\"https:\/\/ladeule.com\/newsite\/wp-content\/uploads\/2026\/03\/Cafeteria-bas-1024x768.jpg 1024w, https:\/\/ladeule.com\/newsite\/wp-content\/uploads\/2026\/03\/Cafeteria-bas-300x225.jpg 300w, https:\/\/ladeule.com\/newsite\/wp-content\/uploads\/2026\/03\/Cafeteria-bas-768x576.jpg 768w, https:\/\/ladeule.com\/newsite\/wp-content\/uploads\/2026\/03\/Cafeteria-bas-1536x1152.jpg 1536w, https:\/\/ladeule.com\/newsite\/wp-content\/uploads\/2026\/03\/Cafeteria-bas-2048x1536.jpg 2048w\" sizes=\"auto, (max-width: 1024px) 100vw, 1024px\" \/><\/figure>\n<\/div>\n\n\n\n<div class=\"wp-block-column is-layout-flow wp-block-column-is-layout-flow\">\n<figure class=\"wp-block-image size-large\"><img loading=\"lazy\" decoding=\"async\" width=\"1024\" height=\"768\" src=\"https:\/\/ladeule.com\/newsite\/wp-content\/uploads\/2026\/03\/Environnement-3-1024x768.jpg\" alt=\"\" class=\"wp-image-340\" srcset=\"https:\/\/ladeule.com\/newsite\/wp-content\/uploads\/2026\/03\/Environnement-3-1024x768.jpg 1024w, https:\/\/ladeule.com\/newsite\/wp-content\/uploads\/2026\/03\/Environnement-3-300x225.jpg 300w, https:\/\/ladeule.com\/newsite\/wp-content\/uploads\/2026\/03\/Environnement-3-768x576.jpg 768w, https:\/\/ladeule.com\/newsite\/wp-content\/uploads\/2026\/03\/Environnement-3-1536x1152.jpg 1536w, https:\/\/ladeule.com\/newsite\/wp-content\/uploads\/2026\/03\/Environnement-3-2048x1536.jpg 2048w\" sizes=\"auto, (max-width: 1024px) 100vw, 1024px\" \/><\/figure>\n<\/div>\n<\/div>\n\n\n\n<p>La Maison  des livreurs de Lille est un lieu <strong>ouvert <\/strong>et <strong>gratuit<\/strong> pour les livreurs \u00e0 v\u00e9lo des plateformes num\u00e9riques de livraison &#8211; <strong>les lundis, mardis, jeudis, vendredis et samedis de 14h \u00e0 18h<\/strong>.<\/p>\n\n\n\n<p>Avec le soutien de la Mairie de Lille, l&rsquo;association La De\u00fble a ouvert en novembre 2025 un lieu d&rsquo;accueil, de soutien et d&rsquo;accompagnement pour les livreurs de repas ind\u00e9pendants &#8211; \u00e0 v\u00e9lo ou en scooter &#8211; de la m\u00e9tropole lilloise. \u00c0 l&rsquo;image des structures existantes \u00e0 Paris, Bordeaux, Grenoble, Nantes ou encore Bruxelles, La Maison des livreurs de Lille propose d&rsquo;abord aux livreurs un espace de pause et de repos qui leur est d\u00e9di\u00e9 pour :<\/p>\n\n\n\n<div class=\"wp-block-group is-nowrap is-layout-flex wp-container-core-group-is-layout-6c531013 wp-block-group-is-layout-flex\">\n<div class=\"wp-block-group is-nowrap is-layout-flex wp-container-core-group-is-layout-6c531013 wp-block-group-is-layout-flex\">\n<figure class=\"wp-block-image size-full is-resized\"><img loading=\"lazy\" decoding=\"async\" width=\"398\" height=\"398\" src=\"https:\/\/ladeule.com\/newsite\/wp-content\/uploads\/2026\/03\/578076702_122098597107110784_2751792311477464516_n-1.jpg\" alt=\"\" class=\"wp-image-342\" style=\"width:133px;height:auto\" srcset=\"https:\/\/ladeule.com\/newsite\/wp-content\/uploads\/2026\/03\/578076702_122098597107110784_2751792311477464516_n-1.jpg 398w, https:\/\/ladeule.com\/newsite\/wp-content\/uploads\/2026\/03\/578076702_122098597107110784_2751792311477464516_n-1-300x300.jpg 300w, https:\/\/ladeule.com\/newsite\/wp-content\/uploads\/2026\/03\/578076702_122098597107110784_2751792311477464516_n-1-150x150.jpg 150w\" sizes=\"auto, (max-width: 398px) 100vw, 398px\" \/><\/figure>\n<\/div>\n\n\n\n<ul class=\"wp-block-list\">\n<li>se reposer, aller aux toilettes, prendre une douche<\/li>\n\n\n\n<li>se rencontrer, discuter, s&rsquo;organiser<\/li>\n\n\n\n<li>boire un verre, cuisiner <\/li>\n\n\n\n<li>recharger ses batteries (t\u00e9l\u00e9phone, batterie de v\u00e9lo)<\/li>\n\n\n\n<li>r\u00e9parer ou entretenir son v\u00e9lo<\/li>\n\n\n\n<li>se soigner (acc\u00e8s \u00e0 une trousse de secours)<\/li>\n\n\n\n<li>se connecter sur ordinateur et imprimer<\/li>\n<\/ul>\n<\/div>\n\n\n\n<p>Sur ces cr\u00e9neaux, la Maison des livreurs propose \u00e9galement <strong>une aide aux d\u00e9marches administratives<\/strong> li\u00e9es \u00e0 la Sant\u00e9 (AME, CSS, AMELI), au logement (demande de logement social, DALO), \u00e0 l&#8217;emploi (aide \u00e0 la r\u00e9daction de CV et lettre de motivation, cr\u00e9ation de statut auto-entrepreneur, d\u00e9claration URSSAF ou d&rsquo;imp\u00f4ts), etc. <\/p>\n\n\n\n<p>En lien avec les syndicats de livreurs,<strong> la Maison des livreurs accompagne \u00e9galement les personnes qui rencontrent des difficult\u00e9s li\u00e9es au blocage de leur compte sur les plateformes num\u00e9riques de livraison. <\/strong><\/p>\n\n\n\n<p> <strong>Des<\/strong> <strong>ateliers th\u00e9matiques <\/strong>(cours de fran\u00e7ais, d&rsquo;informatique, atelier de formation \u00e0 la m\u00e9canique v\u00e9lo, etc.) pourront \u00eatre cr\u00e9\u00e9s : le lieu est pens\u00e9 comme un espace \u00e0 d\u00e9velopper ensemble dans une dynamique de construction collective entre les livreurs, l&rsquo;\u00e9quipe et les b\u00e9n\u00e9voles de l&rsquo;association, et les acteurs qui oeuvrent \u00e0 l&rsquo;am\u00e9lioration des conditions de travail des travailleurs de la livraison.<\/p>\n\n\n\n<p>Par la suite, des <strong>permanences<\/strong> seront organis\u00e9s sur des cr\u00e9neaux \u00e0 d\u00e9finir pour :<\/p>\n\n\n\n<ul class=\"wp-block-list\">\n<li>s&rsquo;informer sur sa sant\u00e9, se soigner (permanences m\u00e9dicales)<\/li>\n\n\n\n<li>s&rsquo;informer sur ses droits (permanences syndicale et juridique)<\/li>\n<\/ul>\n\n\n\n<p><\/p>\n\n\n\n<p><\/p>\n\n\n\n<h2 class=\"wp-block-heading\" style=\"font-size:30px\">Les Bains douches &#8211; acc\u00e8s \u00e0 l&rsquo;eau et \u00e0 l&rsquo;hygi\u00e8ne<\/h2>\n\n\n\n<p>Il s&rsquo;agit d&rsquo;un acc\u00e8s \u00e0 l&rsquo;eau, \u00e0 la possibilit\u00e9 d&rsquo;une douche dans un cadre s\u00e9curis\u00e9 et \u00e0 une intimit\u00e9 pr\u00e9serv\u00e9e. C&rsquo;est aussi un temps pour se poser.<br><br>Plusieurs cr\u00e9neaux sont ouverts :<\/p>\n\n\n\n<ul class=\"wp-block-list\">\n<li>Lundi : 17h-19h30 (douche avant 19h)<\/li>\n\n\n\n<li>Mercredi de 17h30 \u00e0 19h30 (douche avant 19h)<\/li>\n\n\n\n<li>Vendredi de 9h \u00e0 12h (cr\u00e9neaux r\u00e9serv\u00e9s aux femmes)<\/li>\n\n\n\n<li>Samedi et dimanche de 9h \u00e0 11h30 (douche avant 11h)<\/li>\n<\/ul>\n\n\n\n<p>Le n\u00e9cessaire d&rsquo;hygi\u00e8ne est mis \u00e0 disposition (serviette, savons&#8230;)<\/p>\n\n\n\n<p><\/p>\n\n\n\n<h2 class=\"wp-block-heading\" style=\"font-size:30px\">La remise en forme<\/h2>\n\n\n\n<p>Des activit\u00e9s et ateliers propos\u00e9s entre autres aux allocataires du RSA.<br><br>Travailler par le biais des Activit\u00e9s Physiques et Sportives de Pleine Nature, de chantiers de d\u00e9veloppement durable, d&rsquo;\u00e9v\u00e8nementiels caritatifs sur les probl\u00e9matique de :<\/p>\n\n\n\n<ul class=\"wp-block-list\">\n<li>mobilit\u00e9<\/li>\n\n\n\n<li>r\u00e9gularit\u00e9<\/li>\n\n\n\n<li>ponctualit\u00e9<\/li>\n\n\n\n<li>d\u00e9passement de soi<\/li>\n\n\n\n<li>int\u00e9gration dans un groupe<\/li>\n\n\n\n<li>lutte contre l&rsquo;isolement et le renfermement<\/li>\n\n\n\n<li>confiance en soi<\/li>\n\n\n\n<li>estime de soi<\/li>\n\n\n\n<li>gestion des \u00e9motions<\/li>\n\n\n\n<li>sant\u00e9 et hygi\u00e8ne<\/li>\n\n\n\n<li>autonomie<\/li>\n<\/ul>\n\n\n\n<p>Favoriser le \u00ab\u00a0mieux-\u00eatre\u00a0\u00bb physique et psychologique afin de mieux appr\u00e9hender la remobilisation vers les parcours de soins, la formation, l&#8217;emploi&#8230;<\/p>\n\n\n\n<p><\/p>\n","protected":false},"excerpt":{"rendered":"<p>La Maison des Livreurs de Lille 108 quai G\u00e9ry Legrand, 59000, Lille La Maison des livreurs de Lille est un lieu ouvert et gratuit pour les livreurs \u00e0 v\u00e9lo des plateformes num\u00e9riques de livraison &#8211; les lundis, mardis, jeudis, vendredis et samedis de 14h \u00e0 18h. Avec le soutien de la Mairie de Lille, l&rsquo;association [&hellip;]<\/p>\n","protected":false},"author":1,"featured_media":0,"parent":0,"menu_order":0,"comment_status":"closed","ping_status":"closed","template":"","meta":{"footnotes":""},"class_list":["post-30","page","type-page","status-publish","hentry"],"_links":{"self":[{"href":"https:\/\/ladeule.com\/newsite\/wp-json\/wp\/v2\/pages\/30","targetHints":{"allow":["GET"]}}],"collection":[{"href":"https:\/\/ladeule.com\/newsite\/wp-json\/wp\/v2\/pages"}],"about":[{"href":"https:\/\/ladeule.com\/newsite\/wp-json\/wp\/v2\/types\/page"}],"author":[{"embeddable":true,"href":"https:\/\/ladeule.com\/newsite\/wp-json\/wp\/v2\/users\/1"}],"replies":[{"embeddable":true,"href":"https:\/\/ladeule.com\/newsite\/wp-json\/wp\/v2\/comments?post=30"}],"version-history":[{"count":18,"href":"https:\/\/ladeule.com\/newsite\/wp-json\/wp\/v2\/pages\/30\/revisions"}],"predecessor-version":[{"id":394,"href":"https:\/\/ladeule.com\/newsite\/wp-json\/wp\/v2\/pages\/30\/revisions\/394"}],"wp:attachment":[{"href":"https:\/\/ladeule.com\/newsite\/wp-json\/wp\/v2\/media?parent=30"}],"curies":[{"name":"wp","href":"https:\/\/api.w.org\/{rel}","templated":true}]}}